{"id":2293,"date":"2022-01-20T13:07:59","date_gmt":"2022-01-20T12:07:59","guid":{"rendered":"https:\/\/demo.honestbarcelona.com\/?page_id=2293"},"modified":"2022-01-25T12:23:04","modified_gmt":"2022-01-25T11:23:04","slug":"politica-de-privacitat","status":"publish","type":"page","link":"https:\/\/honestbarcelona.com\/ca\/politica-de-privacitat\/","title":{"rendered":"Pol\u00edtica de privacitat"},"content":{"rendered":"\n<p><strong>INFORMACI\u00d3 EN EL COMPLIMENT DE LA NORMATIVA DE PROTECCI\u00d3 DE DADES PERSONALS<\/strong><\/p>\n\n\n\n<p>A Europa i a Espanya existeixen normes de protecci\u00f3 de dades pensades per protegir la seva informaci\u00f3 personal d&#8217;obligat compliment per a la nostra entitat.<\/p>\n\n\n\n<p>Per aix\u00f2, \u00e9s molt important per a nosaltres que entengui perfectament qu\u00e8 anem a fer amb les dades personals que li demanem.<\/p>\n\n\n\n<p>Aix\u00ed, serem transparents i li donarem el control de les seves dades, amb un llenguatge senzill i opcions clares que li permetran decidir qu\u00e8 farem amb la seva informaci\u00f3 personal. Si us plau, si una vegada llegida la present informaci\u00f3 li queda algun dubte, no dubti a preguntar-nos.<\/p>\n\n\n\n<p>Moltes gr\u00e0cies per la seva col\u00b7laboraci\u00f3<\/p>\n\n\n\n<h3 class=\"wp-block-heading\">Qui som?<\/h3>\n\n\n\n<p>La nostra denominaci\u00f3: JAX HONEST S.L.<br>El nostre CIF \/ NIF: B66634577<br>La nostra activitat principal: Ag\u00e8ncia de consultoria en marketing i desenvolupament de campanyes publicit\u00e0ries i digital.<br>La nostra adre\u00e7a: Comte Borrell 62, 5-2, CP 08015, Barcelona (Barcelona)<br>El nostre tel\u00e8fon de contacte: +34 935 394 735<br>La nostra adre\u00e7a de correu electr\u00f2nic de contacte: hello@honestbarcelona.com<br>La nostra p\u00e0gina web:\u00a0<a href=\"https:\/\/www.honestbarcelona.com\/\">www.honestbarcelona.com<\/a><\/p>\n\n\n\n<p>Per a la seva confian\u00e7a i seguretat, l&#8217;informem que som una entitat inscrita en el seg\u00fcent Registre Mercantil \/Registre P\u00fablic: Reg. Merc. Barcelona: Volum: 45.046; Foli: 91 Fulla: 475344 Inscripci\u00f3: 2<\/p>\n\n\n\n<p>Estem a la seva disposici\u00f3, no dubti a contactar amb nosaltres.<\/p>\n\n\n\n<h3 class=\"wp-block-heading\"><strong>Per a qu\u00e8 utilitzarem les seves dades?<\/strong><\/h3>\n\n\n\n<p>Amb car\u00e0cter general, les seves dades personals seran utilitzades per poder relacionar-nos amb vost\u00e8 i poder prestar-li els nostres serveis. Aix\u00ed mateix, tamb\u00e9 poden ser utilitzades per a altres activitats, com enviar-li publicitat o promocionar les nostres activitats.<\/p>\n\n\n\n<h3 class=\"wp-block-heading\"><strong><strong>Per qu\u00e8 necessitem utilitzar les seves dades<\/strong>?<\/strong><\/h3>\n\n\n\n<p>Les seves dades personals s\u00f3n necess\u00e0ries per poder relacionar-nos amb vost\u00e8 i poder prestar-li els nostres serveis. En aquest sentit, posarem a la seva disposici\u00f3 una s\u00e8rie de caselles que li permetran decidir de manera clara i senzilla sobre l&#8217;\u00fas de la seva informaci\u00f3 personal.<\/p>\n\n\n\n<h3 class=\"wp-block-heading\"><strong><strong><strong>Qui coneixer\u00e0 la informaci\u00f3 que li demanem?<\/strong><\/strong><\/strong><\/h3>\n\n\n\n<p>Amb car\u00e0cter general, nom\u00e9s el personal de la nostra entitat que estigui degudament autoritzat podr\u00e0 tenir coneixement de la informaci\u00f3 que li demanem.<\/p>\n\n\n\n<p>D&#8217;igual manera, podran tenir coneixement de la seva informaci\u00f3 personal aquelles entitats que necessitin tenir acc\u00e9s a la mateixa perqu\u00e8 puguem prestar-li els nostres serveis. Aix\u00ed per exemple, el nostre banc coneixer\u00e0 les seves dades si el pagament dels nostres serveis es realitza mitjan\u00e7ant targeta o transfer\u00e8ncia banc\u00e0ria.<\/p>\n\n\n\n<p>Aix\u00ed mateix, tindran coneixement de la seva informaci\u00f3 aquelles entitats p\u00fabliques o privades a les quals estiguem obligats a facilitar les seves dades personals amb motiu del compliment d&#8217;alguna llei. Posant-li un exemple, la Llei Tribut\u00e0ria obliga a facilitar a l&#8217;Ag\u00e8ncia Tribut\u00e0ria determinada informaci\u00f3 sobre operacions econ\u00f2miques que superin una determinada quantitat.<\/p>\n\n\n\n<p>En el cas que, al marge dels sup\u00f2sits comentats, necessitem donar a con\u00e8ixer la seva informaci\u00f3 personal a altres entitats, li sol\u00b7licitarem pr\u00e8viament el seu perm\u00eds a trav\u00e9s d&#8217;opcions clares que li permetran decidir referent a aix\u00f2.<\/p>\n\n\n\n<h3 class=\"wp-block-heading\"><strong><strong><strong><strong>Com protegirem les seves dades<\/strong><\/strong><\/strong>?<\/strong><\/h3>\n\n\n\n<p>Protegirem les seves dades amb mesures de seguretat eficaces en funci\u00f3 dels riscos que comporti l&#8217;\u00fas de la seva informaci\u00f3.<\/p>\n\n\n\n<p>Per a aix\u00f2, la nostra entitat ha aprovat una Pol\u00edtica de Protecci\u00f3 de Dades i es realitzen controls i auditories anuals per verificar que les seves dades personals estan segures en tot moment.<\/p>\n\n\n\n<h3 class=\"wp-block-heading\"><strong>Enviarem les seves dades a altres pa\u00efsos?<\/strong><\/h3>\n\n\n\n<p>Al m\u00f3n hi ha pa\u00efsos que son segurs per a les seves dades i uns altres que no ho son tant. Aix\u00ed per exemple, la Uni\u00f3 Europea \u00e9s un entorn segur per a les seves dades. La nostra pol\u00edtica \u00e9s no enviar la seva informaci\u00f3 personal a cap pa\u00eds que no sigui segur des del punt de vista de la protecci\u00f3 de les seves dades.<\/p>\n\n\n\n<p>En el cas que, amb motiu de prestar-li el servei, sigui imprescindible enviar les seves dades a un pa\u00eds que no sigui tan segur com Espanya, sempre li sol\u00b7licitarem pr\u00e8viament el seu perm\u00eds i aplicarem mesures de seguretat eficaces que redueixin els riscos de l&#8217;enviament de la seva informaci\u00f3 personal a un altre pa\u00eds.<\/p>\n\n\n\n<h3 class=\"wp-block-heading\"><strong>Durant quant temps conservarem les seves dades?<\/strong><\/h3>\n\n\n\n<p>Conservarem les seves dades durant la nostra relaci\u00f3 i mentre ens obliguin les lleis. Una vegada finalitzats els terminis legals aplicables, procedirem a eliminar-les de forma segura i respectuosa amb el medi ambient.<\/p>\n\n\n\n<h3 class=\"wp-block-heading\"><strong>Quins s\u00f3n els seus drets de protecci\u00f3 de dades?<\/strong><\/h3>\n\n\n\n<p>En qualsevol moment pot dirigir-se a nosaltres per saber quina informaci\u00f3 tenim sobre vost\u00e8, rectificar-la si fos incorrecta i eliminar-la una vegada finalitzada la nostra relaci\u00f3, en el cas que aix\u00f2 sigui legalment possible. Tamb\u00e9 t\u00e9 dret a sol\u00b7licitar el trasp\u00e0s de la seva informaci\u00f3 a una altra entitat. Aquest dret es diu &#8220;portabilitat&#8221; i pot ser \u00fatil en determinades situacions. Per sol\u00b7licitar algun d&#8217;aquests drets, haur\u00e0 de realitzar una sol\u00b7licitud escrita a la nostra adre\u00e7a, juntament amb una fotoc\u00f2pia del seu DNI, per poder identificar-lo. En les oficines de la nostra entitat disposem de formularis espec\u00edfics per sol\u00b7licitar aquests drets i li oferim la nostra ajuda per al seu emplenament. Per saber m\u00e9s sobre els seus drets de protecci\u00f3 de dades, pot consultar la p\u00e0gina web de l&#8217;Ag\u00e8ncia Espanyola de Protecci\u00f3 de Dades (<a href=\"http:\/\/www.agpd.es\/\">www.agpd.es<\/a>).<\/p>\n\n\n\n<h3 class=\"wp-block-heading\"><strong>\u00bf<strong>Puede retirar su consentimiento si cambia de opini\u00f3n en un momento posterior<\/strong>?<\/strong><\/h3>\n\n\n\n<p>Usted puede retirar su consentimiento si cambia de opini\u00f3n sobre el uso de sus datos en cualquier momento.<br>As\u00ed por ejemplo, si usted en su d\u00eda estuvo interesado\/a en recibir publicidad de nuestros productos o servicios, pero ya no desea recibir m\u00e1s publicidad, puede hac\u00e9rnoslo constar a trav\u00e9s del formulario de oposici\u00f3n al tratamiento disponible en las oficinas de nuestra entidad.<\/p>\n\n\n\n<h3 class=\"wp-block-heading\"><strong><strong>En caso de que entienda que sus derechos han sido desatendidos, \u00bfd\u00f3nde puede formular una reclamaci\u00f3n?<\/strong><\/strong><\/h3>\n\n\n\n<p>En caso de que entienda que sus derechos han sido desatendidos por nuestra entidad, puede formular una reclamaci\u00f3n en la Agencia Espa\u00f1ola de Protecci\u00f3n de Datos, a trav\u00e9s de alguno de los medios siguientes:<\/p>\n\n\n\n<ul class=\"wp-block-list\"><li>Sede electr\u00f3nica:&nbsp;<a href=\"http:\/\/www.agpd.es\/\">www.agpd.es<\/a><\/li><li>Direcci\u00f3n postal:<br>Agencia Espa\u00f1ola de Protecci\u00f3n de Datos<br>C\/ Jorge Juan, 6<br>28001-Madrid<\/li><li>V\u00eda telef\u00f3nica:<br>Telf. 901 100 099<br>Telf. 91 266 35 17<\/li><\/ul>\n\n\n\n<p>Formular una reclamaci\u00f3n en la Agencia Espa\u00f1ola de Protecci\u00f3n de Datos no conlleva ning\u00fan coste y no es necesaria la asistencia de abogado ni procurador.<\/p>\n\n\n\n<h3 class=\"wp-block-heading\"><strong><strong>\u00bfElaboraremos perfiles sobre usted?<\/strong><\/strong><\/h3>\n\n\n\n<p>Nuestra pol\u00edtica es no elaborar perfiles sobre los usuarios de nuestros servicios.<br>No obstante, pueden existir situaciones en las que, con fines de prestaci\u00f3n del servicio, comerciales o de otro tipo, necesitemos elaborar perfiles de informaci\u00f3n sobre usted. Un ejemplo pudiera ser la utilizaci\u00f3n de su historial de compras o servicios para poder ofrecerle productos o servicios adaptados a sus gustos o necesidades.<br>En tal caso, aplicaremos medidas de seguridad eficaces que protejan su informaci\u00f3n en todo momento de personas no autorizadas que pretendan utilizarla en su propio beneficio.<\/p>\n\n\n\n<h3 class=\"wp-block-heading\"><strong><strong><strong>\u00bfUsaremos sus datos para otros fines?<\/strong><\/strong><\/strong><\/h3>\n\n\n\n<p>Nuestra pol\u00edtica es no usar sus datos para otras finalidades distintas a las que le hemos explicado. Si, no obstante, necesit\u00e1semos usar sus datos para actividades distintas, siempre le solicitaremos previamente su permiso a trav\u00e9s de opciones claras que le permitir\u00e1n decidir al respecto.<\/p>\n","protected":false},"excerpt":{"rendered":"<p>INFORMACI\u00d3 EN EL COMPLIMENT DE LA NORMATIVA DE PROTECCI\u00d3 DE DADES PERSONALS A Europa i a Espanya existeixen normes de protecci\u00f3 de dades pensades per protegir la seva informaci\u00f3 personal d&#8217;obligat compliment per a la nostra entitat. Per aix\u00f2, \u00e9s molt important per a nosaltres que entengui perfectament qu\u00e8 anem a fer amb les dades [&hellip;]<\/p>\n","protected":false},"author":1,"featured_media":0,"parent":0,"menu_order":3,"comment_status":"closed","ping_status":"open","template":"","meta":{"footnotes":""},"class_list":["post-2293","page","type-page","status-publish","hentry"],"acf":[],"yoast_head":"<!-- This site is optimized with the Yoast SEO plugin v23.0 - https:\/\/yoast.com\/wordpress\/plugins\/seo\/ -->\n<title>Pol\u00edtica de privacitat - honest<\/title>\n<meta name=\"robots\" content=\"index, follow, max-snippet:-1, max-image-preview:large, max-video-preview:-1\" \/>\n<link rel=\"canonical\" href=\"https:\/\/honestbarcelona.com\/ca\/politica-de-privacitat\/\" \/>\n<meta property=\"og:locale\" content=\"ca_ES\" \/>\n<meta property=\"og:type\" content=\"article\" \/>\n<meta property=\"og:title\" content=\"Pol\u00edtica de privacitat - honest\" \/>\n<meta property=\"og:description\" content=\"INFORMACI\u00d3 EN EL COMPLIMENT DE LA NORMATIVA DE PROTECCI\u00d3 DE DADES PERSONALS A Europa i a Espanya existeixen normes de protecci\u00f3 de dades pensades per protegir la seva informaci\u00f3 personal d&#8217;obligat compliment per a la nostra entitat. Per aix\u00f2, \u00e9s molt important per a nosaltres que entengui perfectament qu\u00e8 anem a fer amb les dades [&hellip;]\" \/>\n<meta property=\"og:url\" content=\"https:\/\/honestbarcelona.com\/ca\/politica-de-privacitat\/\" \/>\n<meta property=\"og:site_name\" content=\"honest\" \/>\n<meta property=\"article:publisher\" content=\"https:\/\/www.facebook.com\/Honestbcn\/\" \/>\n<meta property=\"article:modified_time\" content=\"2022-01-25T11:23:04+00:00\" \/>\n<meta name=\"twitter:card\" content=\"summary_large_image\" \/>\n<meta name=\"twitter:label1\" content=\"Temps estimat de lectura\" \/>\n\t<meta name=\"twitter:data1\" content=\"6 minuts\" \/>\n<script type=\"application\/ld+json\" class=\"yoast-schema-graph\">{\"@context\":\"https:\/\/schema.org\",\"@graph\":[{\"@type\":\"WebPage\",\"@id\":\"https:\/\/honestbarcelona.com\/ca\/politica-de-privacitat\/\",\"url\":\"https:\/\/honestbarcelona.com\/ca\/politica-de-privacitat\/\",\"name\":\"Pol\u00edtica de privacitat - honest\",\"isPartOf\":{\"@id\":\"https:\/\/honestbarcelona.com\/ca\/#website\"},\"datePublished\":\"2022-01-20T12:07:59+00:00\",\"dateModified\":\"2022-01-25T11:23:04+00:00\",\"breadcrumb\":{\"@id\":\"https:\/\/honestbarcelona.com\/ca\/politica-de-privacitat\/#breadcrumb\"},\"inLanguage\":\"ca\",\"potentialAction\":[{\"@type\":\"ReadAction\",\"target\":[\"https:\/\/honestbarcelona.com\/ca\/politica-de-privacitat\/\"]}]},{\"@type\":\"BreadcrumbList\",\"@id\":\"https:\/\/honestbarcelona.com\/ca\/politica-de-privacitat\/#breadcrumb\",\"itemListElement\":[{\"@type\":\"ListItem\",\"position\":1,\"name\":\"Portada\",\"item\":\"https:\/\/honestbarcelona.com\/ca\/\"},{\"@type\":\"ListItem\",\"position\":2,\"name\":\"Pol\u00edtica de privacitat\"}]},{\"@type\":\"WebSite\",\"@id\":\"https:\/\/honestbarcelona.com\/ca\/#website\",\"url\":\"https:\/\/honestbarcelona.com\/ca\/\",\"name\":\"honest\",\"description\":\"Agencia de publicidad con foco en creatividad y estrategia en Barcelona.\",\"publisher\":{\"@id\":\"https:\/\/honestbarcelona.com\/ca\/#organization\"},\"potentialAction\":[{\"@type\":\"SearchAction\",\"target\":{\"@type\":\"EntryPoint\",\"urlTemplate\":\"https:\/\/honestbarcelona.com\/ca\/?s={search_term_string}\"},\"query-input\":\"required name=search_term_string\"}],\"inLanguage\":\"ca\"},{\"@type\":\"Organization\",\"@id\":\"https:\/\/honestbarcelona.com\/ca\/#organization\",\"name\":\"Honest Barcelona\",\"url\":\"https:\/\/honestbarcelona.com\/ca\/\",\"logo\":{\"@type\":\"ImageObject\",\"inLanguage\":\"ca\",\"@id\":\"https:\/\/honestbarcelona.com\/ca\/#\/schema\/logo\/image\/\",\"url\":\"https:\/\/honestbarcelona.com\/wp-content\/uploads\/2023\/02\/Logo-Honest-Growth.jpg\",\"contentUrl\":\"https:\/\/honestbarcelona.com\/wp-content\/uploads\/2023\/02\/Logo-Honest-Growth.jpg\",\"width\":612,\"height\":342,\"caption\":\"Honest Barcelona\"},\"image\":{\"@id\":\"https:\/\/honestbarcelona.com\/ca\/#\/schema\/logo\/image\/\"},\"sameAs\":[\"https:\/\/www.facebook.com\/Honestbcn\/\",\"https:\/\/www.linkedin.com\/company\/honest-barcelona\",\"https:\/\/www.instagram.com\/honest_barcelona\/\",\"https:\/\/vimeo.com\/user45734797\"]}]}<\/script>\n<!-- \/ Yoast SEO plugin. -->","yoast_head_json":{"title":"Pol\u00edtica de privacitat - honest","robots":{"index":"index","follow":"follow","max-snippet":"max-snippet:-1","max-image-preview":"max-image-preview:large","max-video-preview":"max-video-preview:-1"},"canonical":"https:\/\/honestbarcelona.com\/ca\/politica-de-privacitat\/","og_locale":"ca_ES","og_type":"article","og_title":"Pol\u00edtica de privacitat - honest","og_description":"INFORMACI\u00d3 EN EL COMPLIMENT DE LA NORMATIVA DE PROTECCI\u00d3 DE DADES PERSONALS A Europa i a Espanya existeixen normes de protecci\u00f3 de dades pensades per protegir la seva informaci\u00f3 personal d&#8217;obligat compliment per a la nostra entitat. Per aix\u00f2, \u00e9s molt important per a nosaltres que entengui perfectament qu\u00e8 anem a fer amb les dades [&hellip;]","og_url":"https:\/\/honestbarcelona.com\/ca\/politica-de-privacitat\/","og_site_name":"honest","article_publisher":"https:\/\/www.facebook.com\/Honestbcn\/","article_modified_time":"2022-01-25T11:23:04+00:00","twitter_card":"summary_large_image","twitter_misc":{"Temps estimat de lectura":"6 minuts"},"schema":{"@context":"https:\/\/schema.org","@graph":[{"@type":"WebPage","@id":"https:\/\/honestbarcelona.com\/ca\/politica-de-privacitat\/","url":"https:\/\/honestbarcelona.com\/ca\/politica-de-privacitat\/","name":"Pol\u00edtica de privacitat - honest","isPartOf":{"@id":"https:\/\/honestbarcelona.com\/ca\/#website"},"datePublished":"2022-01-20T12:07:59+00:00","dateModified":"2022-01-25T11:23:04+00:00","breadcrumb":{"@id":"https:\/\/honestbarcelona.com\/ca\/politica-de-privacitat\/#breadcrumb"},"inLanguage":"ca","potentialAction":[{"@type":"ReadAction","target":["https:\/\/honestbarcelona.com\/ca\/politica-de-privacitat\/"]}]},{"@type":"BreadcrumbList","@id":"https:\/\/honestbarcelona.com\/ca\/politica-de-privacitat\/#breadcrumb","itemListElement":[{"@type":"ListItem","position":1,"name":"Portada","item":"https:\/\/honestbarcelona.com\/ca\/"},{"@type":"ListItem","position":2,"name":"Pol\u00edtica de privacitat"}]},{"@type":"WebSite","@id":"https:\/\/honestbarcelona.com\/ca\/#website","url":"https:\/\/honestbarcelona.com\/ca\/","name":"honest","description":"Agencia de publicidad con foco en creatividad y estrategia en Barcelona.","publisher":{"@id":"https:\/\/honestbarcelona.com\/ca\/#organization"},"potentialAction":[{"@type":"SearchAction","target":{"@type":"EntryPoint","urlTemplate":"https:\/\/honestbarcelona.com\/ca\/?s={search_term_string}"},"query-input":"required name=search_term_string"}],"inLanguage":"ca"},{"@type":"Organization","@id":"https:\/\/honestbarcelona.com\/ca\/#organization","name":"Honest Barcelona","url":"https:\/\/honestbarcelona.com\/ca\/","logo":{"@type":"ImageObject","inLanguage":"ca","@id":"https:\/\/honestbarcelona.com\/ca\/#\/schema\/logo\/image\/","url":"https:\/\/honestbarcelona.com\/wp-content\/uploads\/2023\/02\/Logo-Honest-Growth.jpg","contentUrl":"https:\/\/honestbarcelona.com\/wp-content\/uploads\/2023\/02\/Logo-Honest-Growth.jpg","width":612,"height":342,"caption":"Honest Barcelona"},"image":{"@id":"https:\/\/honestbarcelona.com\/ca\/#\/schema\/logo\/image\/"},"sameAs":["https:\/\/www.facebook.com\/Honestbcn\/","https:\/\/www.linkedin.com\/company\/honest-barcelona","https:\/\/www.instagram.com\/honest_barcelona\/","https:\/\/vimeo.com\/user45734797"]}]}},"_links":{"self":[{"href":"https:\/\/honestbarcelona.com\/ca\/wp-json\/wp\/v2\/pages\/2293","targetHints":{"allow":["GET"]}}],"collection":[{"href":"https:\/\/honestbarcelona.com\/ca\/wp-json\/wp\/v2\/pages"}],"about":[{"href":"https:\/\/honestbarcelona.com\/ca\/wp-json\/wp\/v2\/types\/page"}],"author":[{"embeddable":true,"href":"https:\/\/honestbarcelona.com\/ca\/wp-json\/wp\/v2\/users\/1"}],"replies":[{"embeddable":true,"href":"https:\/\/honestbarcelona.com\/ca\/wp-json\/wp\/v2\/comments?post=2293"}],"version-history":[{"count":2,"href":"https:\/\/honestbarcelona.com\/ca\/wp-json\/wp\/v2\/pages\/2293\/revisions"}],"predecessor-version":[{"id":2708,"href":"https:\/\/honestbarcelona.com\/ca\/wp-json\/wp\/v2\/pages\/2293\/revisions\/2708"}],"wp:attachment":[{"href":"https:\/\/honestbarcelona.com\/ca\/wp-json\/wp\/v2\/media?parent=2293"}],"curies":[{"name":"wp","href":"https:\/\/api.w.org\/{rel}","templated":true}]}}